{"id":1801,"date":"2021-02-22T16:32:00","date_gmt":"2021-02-22T16:32:00","guid":{"rendered":"http:\/\/sgfeuerwehr.florian-dahlenburg.de\/?post_type=einsatz&#038;p=1801"},"modified":"2021-05-03T12:34:14","modified_gmt":"2021-05-03T12:34:14","slug":"alles-fuer-eine-tonne-muell-gefahrguteinsatz-mit-grossaufgebot-im-deichvorland","status":"publish","type":"einsatz","link":"https:\/\/florian-dahlenburg.de\/?einsatz=alles-fuer-eine-tonne-muell-gefahrguteinsatz-mit-grossaufgebot-im-deichvorland","title":{"rendered":"Alles f\u00fcr eine Tonne M\u00fcll &#8211; Gefahrguteinsatz mit Gro\u00dfaufgebot im Deichvorland"},"content":{"rendered":"<p>Im Deichvorland bei Neu Wendischthun wurde in einem Seitenarm der Elbe ein Fass entdeckt. Da auf dem Beh\u00e4lter Gefahrstoffaufkleber erkennbar waren, erkundete der Bleckeder Stadtbrandmeister die Lage. Er entschied sich f\u00fcr eine Kontrolle durch die Gefahrgutgruppe.<\/p>\n<p>F\u00fcr den Gefahrguteinsatz wurden neben den Gefahrgutgruppen Bleckede und Dahlenburg auch Kr\u00e4fte aus dem Amt Neuhaus sowie der ABC-Zug und der Gefahrgutzug der Kreisfeuerwehr alarmiert.<\/p>\n<p>Die Gefahrstoffaufkleber deuteten auf einen gesundheitssch\u00e4dlichen Gefahrstoff hin. Einsatzkr\u00e4fte in Schutzanz\u00fcgen mussten sich mit einem Schlauchboot den Weg zum Fass durch das Eis \u201efreibrechen\u201c.<\/p>\n<p>Insgesamt waren \u00fcber 120 Einsatzkr\u00e4fte an der Einsatzstelle und an den Bereitstellungspl\u00e4tzen der Facheinheiten eingetroffen.<\/p>\n<p>Nach der Bergung des Fasses war der Inhalt schnell Identifiziert: Es handelte sich um Abfall.<br \/>\nDie einzigen Gefahrstoffe in dem Abfalleimer waren zwei Beh\u00e4lter mit Motor\u00f6l.<br \/>\nDie Wasserschutzpolizei hat die weiteren Ermittlungen aufgenommen.<\/p>\n<p>Im Einsatz:<br \/>\nFeuerwehr(en)\/ Einheiten:<br \/>\nFF Bleckede (E-Nr. 09)<br \/>\nFF Garlstorf (E-Nr. 03)<br \/>\nFF Garze (E-Nr. 01)<br \/>\nFF Neuhaus<br \/>\nKOM-Gruppe<br \/>\nGefahrgut-Gruppe Stadt Bleckede<br \/>\nGefahrgutgruppe SG Dahlenburg<br \/>\nGefahrgutzug Kreisfeuerwehr L\u00fcneburg<br \/>\nABS-Zug Kreisfeuerwehr L\u00fcneburg<br \/>\nRettungsdienst<\/p>\n<p>&nbsp;<\/p>\n<p><img loading=\"lazy\" decoding=\"async\" class=\"aligncenter size-full wp-image-1802\" src=\"http:\/\/sgfeuerwehr.florian-dahlenburg.de\/wp-content\/uploads\/2021\/02\/2021-02-22_Gefahrgut_Neu_Bleckede_Foto_11263.jpg\" alt=\"\" width=\"1280\" height=\"855\" srcset=\"https:\/\/florian-dahlenburg.de\/wp-content\/uploads\/2021\/02\/2021-02-22_Gefahrgut_Neu_Bleckede_Foto_11263.jpg 1280w, https:\/\/florian-dahlenburg.de\/wp-content\/uploads\/2021\/02\/2021-02-22_Gefahrgut_Neu_Bleckede_Foto_11263-300x200.jpg 300w, https:\/\/florian-dahlenburg.de\/wp-content\/uploads\/2021\/02\/2021-02-22_Gefahrgut_Neu_Bleckede_Foto_11263-1024x684.jpg 1024w, https:\/\/florian-dahlenburg.de\/wp-content\/uploads\/2021\/02\/2021-02-22_Gefahrgut_Neu_Bleckede_Foto_11263-768x513.jpg 768w\" sizes=\"auto, (max-width: 1280px) 100vw, 1280px\" \/> <img loading=\"lazy\" decoding=\"async\" class=\"aligncenter size-full wp-image-1803\" src=\"http:\/\/sgfeuerwehr.florian-dahlenburg.de\/wp-content\/uploads\/2021\/02\/2021-02-22_Gefahrgut_Neu_Bleckede_Foto_21265.jpg\" alt=\"\" width=\"1280\" height=\"853\" srcset=\"https:\/\/florian-dahlenburg.de\/wp-content\/uploads\/2021\/02\/2021-02-22_Gefahrgut_Neu_Bleckede_Foto_21265.jpg 1280w, https:\/\/florian-dahlenburg.de\/wp-content\/uploads\/2021\/02\/2021-02-22_Gefahrgut_Neu_Bleckede_Foto_21265-300x200.jpg 300w, https:\/\/florian-dahlenburg.de\/wp-content\/uploads\/2021\/02\/2021-02-22_Gefahrgut_Neu_Bleckede_Foto_21265-1024x682.jpg 1024w, https:\/\/florian-dahlenburg.de\/wp-content\/uploads\/2021\/02\/2021-02-22_Gefahrgut_Neu_Bleckede_Foto_21265-768x512.jpg 768w\" sizes=\"auto, (max-width: 1280px) 100vw, 1280px\" \/> <img loading=\"lazy\" decoding=\"async\" class=\"aligncenter size-full wp-image-1804\" src=\"http:\/\/sgfeuerwehr.florian-dahlenburg.de\/wp-content\/uploads\/2021\/02\/2021-02-22_Gefahrgut_Neu_Bleckede_Foto_31261.jpg\" alt=\"\" width=\"1280\" height=\"853\" srcset=\"https:\/\/florian-dahlenburg.de\/wp-content\/uploads\/2021\/02\/2021-02-22_Gefahrgut_Neu_Bleckede_Foto_31261.jpg 1280w, https:\/\/florian-dahlenburg.de\/wp-content\/uploads\/2021\/02\/2021-02-22_Gefahrgut_Neu_Bleckede_Foto_31261-300x200.jpg 300w, https:\/\/florian-dahlenburg.de\/wp-content\/uploads\/2021\/02\/2021-02-22_Gefahrgut_Neu_Bleckede_Foto_31261-1024x682.jpg 1024w, https:\/\/florian-dahlenburg.de\/wp-content\/uploads\/2021\/02\/2021-02-22_Gefahrgut_Neu_Bleckede_Foto_31261-768x512.jpg 768w\" sizes=\"auto, (max-width: 1280px) 100vw, 1280px\" \/> <img loading=\"lazy\" decoding=\"async\" class=\"aligncenter size-full wp-image-1805\" src=\"http:\/\/sgfeuerwehr.florian-dahlenburg.de\/wp-content\/uploads\/2021\/02\/2021-02-22_Gefahrgut_Neu_Bleckede_Foto_41264.jpg\" alt=\"\" width=\"1280\" height=\"853\" srcset=\"https:\/\/florian-dahlenburg.de\/wp-content\/uploads\/2021\/02\/2021-02-22_Gefahrgut_Neu_Bleckede_Foto_41264.jpg 1280w, https:\/\/florian-dahlenburg.de\/wp-content\/uploads\/2021\/02\/2021-02-22_Gefahrgut_Neu_Bleckede_Foto_41264-300x200.jpg 300w, https:\/\/florian-dahlenburg.de\/wp-content\/uploads\/2021\/02\/2021-02-22_Gefahrgut_Neu_Bleckede_Foto_41264-1024x682.jpg 1024w, https:\/\/florian-dahlenburg.de\/wp-content\/uploads\/2021\/02\/2021-02-22_Gefahrgut_Neu_Bleckede_Foto_41264-768x512.jpg 768w\" sizes=\"auto, (max-width: 1280px) 100vw, 1280px\" \/>Bericht\/Fotos: Feuerwehr Stadt Bleckede (<a href=\"http:\/\/www.feuerwehren-stadt-bleckede.de\">www.feuerwehren-stadt-bleckede.de<\/a>)-Pressesprecher Carsten Schmidt<\/p>\n","protected":false},"author":1,"featured_media":1802,"template":"","meta":{"einsatz_weight":1,"footnotes":""},"categories":[1,30],"tags":[],"einsatzart":[23],"fahrzeug":[],"exteinsatzmittel":[],"alarmierungsart":[],"evw_unit":[],"class_list":["post-1801","einsatz","type-einsatz","status-publish","has-post-thumbnail","hentry","category-uncategorized","category-einsatzabteilung","einsatzart-gefahrgut"],"_links":{"self":[{"href":"https:\/\/florian-dahlenburg.de\/index.php?rest_route=\/wp\/v2\/einsatz\/1801","targetHints":{"allow":["GET"]}}],"collection":[{"href":"https:\/\/florian-dahlenburg.de\/index.php?rest_route=\/wp\/v2\/einsatz"}],"about":[{"href":"https:\/\/florian-dahlenburg.de\/index.php?rest_route=\/wp\/v2\/types\/einsatz"}],"author":[{"embeddable":true,"href":"https:\/\/florian-dahlenburg.de\/index.php?rest_route=\/wp\/v2\/users\/1"}],"version-history":[{"count":3,"href":"https:\/\/florian-dahlenburg.de\/index.php?rest_route=\/wp\/v2\/einsatz\/1801\/revisions"}],"predecessor-version":[{"id":1808,"href":"https:\/\/florian-dahlenburg.de\/index.php?rest_route=\/wp\/v2\/einsatz\/1801\/revisions\/1808"}],"wp:featuredmedia":[{"embeddable":true,"href":"https:\/\/florian-dahlenburg.de\/index.php?rest_route=\/wp\/v2\/media\/1802"}],"wp:attachment":[{"href":"https:\/\/florian-dahlenburg.de\/index.php?rest_route=%2Fwp%2Fv2%2Fmedia&parent=1801"}],"wp:term":[{"taxonomy":"category","embeddable":true,"href":"https:\/\/florian-dahlenburg.de\/index.php?rest_route=%2Fwp%2Fv2%2Fcategories&post=1801"},{"taxonomy":"post_tag","embeddable":true,"href":"https:\/\/florian-dahlenburg.de\/index.php?rest_route=%2Fwp%2Fv2%2Ftags&post=1801"},{"taxonomy":"einsatzart","embeddable":true,"href":"https:\/\/florian-dahlenburg.de\/index.php?rest_route=%2Fwp%2Fv2%2Feinsatzart&post=1801"},{"taxonomy":"fahrzeug","embeddable":true,"href":"https:\/\/florian-dahlenburg.de\/index.php?rest_route=%2Fwp%2Fv2%2Ffahrzeug&post=1801"},{"taxonomy":"exteinsatzmittel","embeddable":true,"href":"https:\/\/florian-dahlenburg.de\/index.php?rest_route=%2Fwp%2Fv2%2Fexteinsatzmittel&post=1801"},{"taxonomy":"alarmierungsart","embeddable":true,"href":"https:\/\/florian-dahlenburg.de\/index.php?rest_route=%2Fwp%2Fv2%2Falarmierungsart&post=1801"},{"taxonomy":"evw_unit","embeddable":true,"href":"https:\/\/florian-dahlenburg.de\/index.php?rest_route=%2Fwp%2Fv2%2Fevw_unit&post=1801"}],"curies":[{"name":"wp","href":"https:\/\/api.w.org\/{rel}","templated":true}]}}